{"id":940,"date":"2015-10-09T09:29:09","date_gmt":"2015-10-09T09:29:09","guid":{"rendered":"http:\/\/cargo.omnicom-dev.com\/transport-company\/?page_id=940"},"modified":"2020-10-21T23:40:54","modified_gmt":"2020-10-21T23:40:54","slug":"blog","status":"publish","type":"page","link":"http:\/\/gscorporacion.com\/us\/blog\/","title":{"rendered":"Blog"},"content":{"rendered":"<div class=\"bt_rc_container\"><section id=\"bt_section69f5e7b4ab859\" data-parallax=\"0.1\" data-parallax-offset=\"-50\" class=\"boldSection topExtraSpaced bottomExtraSmallSpaced btDarkSkin gutter btMiddleVertical btParallax wBackground cover\" style=\"background-image:url('http:\/\/gscorporacion.com\/us\/wp-content\/uploads\/2015\/09\/truck_flipped_bckg.jpg');\"><div class=\"port\"><div class=\"boldCell\"><div class=\"boldCellInner\"><div class=\"boldRow \" ><div class=\"rowItem col-md-12 col-ms-12  btTextLeft animate animate-fadein animate-moveleft inherit\"  ><div class=\"rowItemContent\"><header class=\"header btClear extralarge btDash bottomDash  btAccentDash btRegularTitle\" style=\"max-width: 800px;\"><div class=\"dash\"><h1><span class=\"headline\">Blog<\/span><\/h1><\/div><\/header><\/div><\/div><\/div><\/div><\/div><\/div><\/section><section id=\"bt_section69f5e7b4aba86\"  class=\"boldSection topSpaced bottomSpaced gutter inherit\" ><div class=\"port\"><div class=\"boldCell\"><div class=\"boldCellInner\"><div class=\"boldRow \" ><div class=\"rowItem col-sm-4 col-ms-12 btTextLeft btHighlight inherit\"  ><div class=\"rowItemContent\"><div class=\"bpgPhoto btTextCenter\" > \r\n\t\t\t\t\t<a href=\"http:\/\/gscorporacion.com\/us\/blog\/impacto-en-la-industria-logistica-en-tiempos-de-covid\/\" target=\"_self\"><\/a>\r\n\t\t\t\t\t<div class=\"boldPhotoBox\"><div class=\"bpbItem\"><div class=\"btImage\"><img src=\"http:\/\/gscorporacion.com\/us\/wp-content\/uploads\/2020\/10\/logistica-covid.jpg\" alt=\"\"><\/div><\/div><\/div>\r\n\t\t\t\t\t<div class=\"captionPane\">\r\n\t\t\t\t\t\t<div class=\"captionTable\">\r\n\t\t\t\t\t\t\t<div class=\"captionCell\">\r\n\t\t\t\t\t\t\t\t<div class=\"captionTxt\"><header class=\"header btClear small btDash bottomDash\" ><\/header><\/div>\r\n\t\t\t\t\t\t\t<\/div>\r\n\t\t\t\t\t\t<\/div>\r\n\t\t\t\t\t<\/div><\/div><div class=\"btClear btSeparator topSmallSpaced noBorder\" ><hr><\/div><header class=\"header btClear small  btLightAlternateDash btRegularTitle\" ><div class=\"dash\"><h4><span class=\"headline\">Impacto en la industria log\u00edstica en tiempos de COVID<\/span><\/h4><\/div><\/header><div class=\"btClear btSeparator topExtraSmallSpaced noBorder\" ><hr><\/div><div class=\"btText\"><p>Las empresas enfocadas a brindar servicios integrales de log\u00edstica y transporte han tenido que avanzar con pasos apresurados ante la contingencia.<\/p>\n<\/div><div class=\"btClear btSeparator topSmallSpaced noBorder\" ><hr><\/div><div class=\"btBtn btBtn btnFilled btnIconLeftPosition btnAccentColor btnSmall btnNormal\" ><a href=\"http:\/\/gscorporacion.com\/us\/blog\/impacto-en-la-industria-logistica-en-tiempos-de-covid\/\" target=\"_self\" >Ver m\u00e1s<\/a><\/div><div class=\"btClear btSeparator topSmallSpaced noBorder\" ><hr><\/div><\/div><\/div><div class=\"rowItem col-sm-4 col-ms-12 btTextLeft btHighlight inherit\"  ><div class=\"rowItemContent\"><div class=\"bpgPhoto btTextCenter\" > \r\n\t\t\t\t\t<a href=\"http:\/\/gscorporacion.com\/us\/blog\/logistica-implementando-sistemas-digitales\/\" target=\"_self\"><\/a>\r\n\t\t\t\t\t<div class=\"boldPhotoBox\"><div class=\"bpbItem\"><div class=\"btImage\"><img src=\"http:\/\/gscorporacion.com\/us\/wp-content\/uploads\/2020\/10\/log\u00edstica-sistemas-digitales.jpg\" alt=\"\"><\/div><\/div><\/div>\r\n\t\t\t\t\t<div class=\"captionPane\">\r\n\t\t\t\t\t\t<div class=\"captionTable\">\r\n\t\t\t\t\t\t\t<div class=\"captionCell\">\r\n\t\t\t\t\t\t\t\t<div class=\"captionTxt\"><header class=\"header btClear small btDash bottomDash\" ><\/header><\/div>\r\n\t\t\t\t\t\t\t<\/div>\r\n\t\t\t\t\t\t<\/div>\r\n\t\t\t\t\t<\/div><\/div><div class=\"btClear btSeparator topSmallSpaced noBorder\" ><hr><\/div><header class=\"header btClear small  btLightAlternateDash btRegularTitle\" ><div class=\"dash\"><h4><span class=\"headline\">Log\u00edstica, implementando sistemas digitales.<\/span><\/h4><\/div><\/header><div class=\"btClear btSeparator topExtraSmallSpaced noBorder\" ><hr><\/div><div class=\"btText\"><p>En los \u00faltimos a\u00f1os la digitalizaci\u00f3n y las nuevas tecnolog\u00edas se han apoderado de nuestra vida cotidiana, y se han hecho presentes en diversos aspectos de la industria.<\/p>\n<\/div><div class=\"btClear btSeparator topSmallSpaced noBorder\" ><hr><\/div><div class=\"btBtn btBtn btnFilled btnIconLeftPosition btnAccentColor btnSmall btnNormal\" ><a href=\"http:\/\/gscorporacion.com\/us\/blog\/logistica-implementando-sistemas-digitales\/\" target=\"_self\" >Ver m\u00e1s<\/a><\/div><div class=\"btClear btSeparator topSmallSpaced noBorder\" ><hr><\/div><\/div><\/div><div class=\"rowItem col-sm-4 col-ms-12 btTextLeft btHighlight inherit\"  ><div class=\"rowItemContent\"><div class=\"bpgPhoto btTextCenter\" > \r\n\t\t\t\t\t<a href=\"http:\/\/gscorporacion.com\/us\/blog\/un-eslabon-importante-en-la-cadena-de-logistica-el-agente-aduanal\/\" target=\"_self\"><\/a>\r\n\t\t\t\t\t<div class=\"boldPhotoBox\"><div class=\"bpbItem\"><div class=\"btImage\"><img src=\"http:\/\/gscorporacion.com\/us\/wp-content\/uploads\/2020\/10\/agente-aduanal.jpg\" alt=\"\"><\/div><\/div><\/div>\r\n\t\t\t\t\t<div class=\"captionPane\">\r\n\t\t\t\t\t\t<div class=\"captionTable\">\r\n\t\t\t\t\t\t\t<div class=\"captionCell\">\r\n\t\t\t\t\t\t\t\t<div class=\"captionTxt\"><header class=\"header btClear small btDash bottomDash\" ><\/header><\/div>\r\n\t\t\t\t\t\t\t<\/div>\r\n\t\t\t\t\t\t<\/div>\r\n\t\t\t\t\t<\/div><\/div><div class=\"btClear btSeparator topSmallSpaced noBorder\" ><hr><\/div><header class=\"header btClear small  btLightAlternateDash btRegularTitle\" ><div class=\"dash\"><h4><span class=\"headline\">Un eslab\u00f3n importante en la cadena de log\u00edstica, el agente aduanal.<\/span><\/h4><\/div><\/header><div class=\"btClear btSeparator topExtraSmallSpaced noBorder\" ><hr><\/div><div class=\"btText\"><p>\u00bfPero qu\u00e9 son las aduanas? Son oficinas p\u00fablicas del estado, que se sit\u00faan en las fronteras, puertos o aeropuertos de cada pa\u00eds o regi\u00f3n.<\/p>\n<\/div><div class=\"btClear btSeparator topSmallSpaced noBorder\" ><hr><\/div><div class=\"btBtn btBtn btnFilled btnIconLeftPosition btnAccentColor btnSmall btnNormal\" ><a href=\"http:\/\/gscorporacion.com\/us\/blog\/un-eslabon-importante-en-la-cadena-de-logistica-el-agente-aduanal\/\" target=\"_self\" >Ver m\u00e1s<\/a><\/div><div class=\"btClear btSeparator topSmallSpaced noBorder\" ><hr><\/div><\/div><\/div><\/div><\/div><\/div><\/div><\/section><\/div>","protected":false},"excerpt":{"rendered":"","protected":false},"author":1,"featured_media":0,"parent":0,"menu_order":0,"comment_status":"closed","ping_status":"closed","template":"","meta":[],"_links":{"self":[{"href":"http:\/\/gscorporacion.com\/us\/wp-json\/wp\/v2\/pages\/940"}],"collection":[{"href":"http:\/\/gscorporacion.com\/us\/wp-json\/wp\/v2\/pages"}],"about":[{"href":"http:\/\/gscorporacion.com\/us\/wp-json\/wp\/v2\/types\/page"}],"author":[{"embeddable":true,"href":"http:\/\/gscorporacion.com\/us\/wp-json\/wp\/v2\/users\/1"}],"replies":[{"embeddable":true,"href":"http:\/\/gscorporacion.com\/us\/wp-json\/wp\/v2\/comments?post=940"}],"version-history":[{"count":29,"href":"http:\/\/gscorporacion.com\/us\/wp-json\/wp\/v2\/pages\/940\/revisions"}],"predecessor-version":[{"id":3191,"href":"http:\/\/gscorporacion.com\/us\/wp-json\/wp\/v2\/pages\/940\/revisions\/3191"}],"wp:attachment":[{"href":"http:\/\/gscorporacion.com\/us\/wp-json\/wp\/v2\/media?parent=940"}],"curies":[{"name":"wp","href":"https:\/\/api.w.org\/{rel}","templated":true}]}}